



{"id":296,"date":"2015-05-25T14:51:47","date_gmt":"2015-05-25T13:51:47","guid":{"rendered":"http:\/\/www.ilpiccone.it\/?page_id=296"},"modified":"2015-08-08T11:33:51","modified_gmt":"2015-08-08T10:33:51","slug":"chi-sa-parli","status":"publish","type":"page","link":"https:\/\/www.ilpiccone.it\/index.php\/approfondimenti\/associazione-il-piccone\/chi-sa-parli\/","title":{"rendered":"Chi sa Parli!"},"content":{"rendered":"<p align=\"JUSTIFY\">E&#8217; una categoria di associati che ispirandosi <strong>al grido di\u00a0<a href=\"..\/116-Francesco-Montanari.html\">Francesco Montanari<\/a> \u201cChi sa parli!\u201d<\/strong>e al loro ordine del giorno <strong>\u201c Scoperchiamo i pentoloni\u201d<\/strong> riunisce persone che hanno ricoperto o ricoprono ruoli pi\u00f9 o meno importanti nelle diverse amministrazioni pubbliche e nei carrozzoni delle partecipate o delle aziende che sono venute ad assorbire servizi o incarichi di pubblico interesse. L&#8217;insieme di costoro ricopre l&#8217;intero panorama pubblico, privato, partecipato di<strong>quanto ha finito per monopolizzare<\/strong> l&#8217;intero tessuto sociale\u00a0 italiano, dalla Sanit\u00e0, Pubblica e Privata,all&#8217;Istruzione,\u00a0 all&#8217;Assistenza Sociale,alla Sanit\u00e0,al Servizio postale,alle Ferrovie e trasporti,alle Municipalizzate e Partecipate,alle Banche , Assicurazioni, Difesa, Protezione Civile e chi pi\u00f9 ne ha pi\u00f9 ne metta. Le esternazioni e le notizie accumulate dalla categoria sono interessantissime ed insospettabili anche perch\u00e9 dimostrano come ordinamenti e circolari\u00a0 locali vengano a stabilire applicazioni territorialmente diverse. Il panorama \u00e8 poi ulteriormente offuscato <strong>dalle disposizioni il cui unico scopo \u00e8 la istituzionalizzazione di organismi privati <\/strong>per lo sfruttamento degli utenti dei\u00a0 pubblici\u00a0 servizi dirottati ad arte verso le strutture private convenzionate predisposte\u00a0 a tale scopo.( si sta apprestando una mostra dettagliata di queste \u201cperle\u201d).<\/p>\n<p align=\"JUSTIFY\">\n<p align=\"JUSTIFY\">Discussione \/ Riflessione:<\/p>\n<p align=\"JUSTIFY\">&#8211; <a href=\"..\/150-il-commercio-alimentare.html\">Il Commercio Alimentare<\/a><\/p>\n<p align=\"JUSTIFY\">&#8211; <a href=\"..\/186-Approfondimento-chi-sa-parli.html\">Approfondimento<\/a><\/p>\n<p align=\"JUSTIFY\">&#8211; <strong><a href=\"..\/190-approfondimento-2.html\">Approfondimento 2<\/a><\/strong><\/p>\n","protected":false},"excerpt":{"rendered":"<p>E&#8217; una categoria di associati che ispirandosi al grido di\u00a0Francesco Montanari \u201cChi sa parli!\u201de al loro ordine del giorno \u201c Scoperchiamo i pentoloni\u201d riunisce persone che hanno ricoperto o ricoprono ruoli pi\u00f9 o meno importanti nelle diverse amministrazioni pubbliche e nei carrozzoni delle partecipate o delle aziende che sono venute ad assorbire servizi o incarichi di pubblico interesse. L&#8217;insieme di&#8230; <a href=\"https:\/\/www.ilpiccone.it\/index.php\/approfondimenti\/associazione-il-piccone\/chi-sa-parli\/\">Read more &raquo;<\/a><\/p>\n","protected":false},"author":1,"featured_media":0,"parent":302,"menu_order":0,"comment_status":"closed","ping_status":"closed","template":"","meta":[],"_links":{"self":[{"href":"https:\/\/www.ilpiccone.it\/index.php\/wp-json\/wp\/v2\/pages\/296"}],"collection":[{"href":"https:\/\/www.ilpiccone.it\/index.php\/wp-json\/wp\/v2\/pages"}],"about":[{"href":"https:\/\/www.ilpiccone.it\/index.php\/wp-json\/wp\/v2\/types\/page"}],"author":[{"embeddable":true,"href":"https:\/\/www.ilpiccone.it\/index.php\/wp-json\/wp\/v2\/users\/1"}],"replies":[{"embeddable":true,"href":"https:\/\/www.ilpiccone.it\/index.php\/wp-json\/wp\/v2\/comments?post=296"}],"version-history":[{"count":2,"href":"https:\/\/www.ilpiccone.it\/index.php\/wp-json\/wp\/v2\/pages\/296\/revisions"}],"predecessor-version":[{"id":727,"href":"https:\/\/www.ilpiccone.it\/index.php\/wp-json\/wp\/v2\/pages\/296\/revisions\/727"}],"up":[{"embeddable":true,"href":"https:\/\/www.ilpiccone.it\/index.php\/wp-json\/wp\/v2\/pages\/302"}],"wp:attachment":[{"href":"https:\/\/www.ilpiccone.it\/index.php\/wp-json\/wp\/v2\/media?parent=296"}],"curies":[{"name":"wp","href":"https:\/\/api.w.org\/{rel}","templated":true}]}}